{"id":3407,"date":"2023-11-10T14:49:34","date_gmt":"2023-11-10T17:49:34","guid":{"rendered":"https:\/\/iscsconcordia-ers.infd.edu.ar\/sitio\/?page_id=3407"},"modified":"2023-11-10T15:28:22","modified_gmt":"2023-11-10T18:28:22","slug":"ape","status":"publish","type":"page","link":"https:\/\/iscsconcordia-ers.infd.edu.ar\/sitio\/ape\/","title":{"rendered":"Ape"},"content":{"rendered":"\n<h1 class=\"wp-block-heading\">Apoyo pedag\u00f3gico a las Escuelas 2023<\/h1>\n\n\n\n<p><\/p>\n\n\n\n<pre class=\"wp-block-verse has-large-font-size\"><strong>S\u00edntesis de la propuesta<\/strong><\/pre>\n\n\n\n<p class=\"has-accent-color has-text-color\">El proyecto se titula <em><strong>Historias en el barrio: construcci\u00f3n de narrativas sobre las transformaciones y permanencias en cinco barrios de Concordia<\/strong><\/em>, y busca intervenir desde propuestas de ense\u00f1anza que contribuyan a la renovaci\u00f3n de las pr\u00e1cticas que contemplen la heterogeneidad de las y los estudiantes con especial \u00e9nfasis en el desarrollo de la lengua.<\/p>\n\n\n\n<pre class=\"wp-block-verse has-medium-font-size\"><strong>Objetivos de la actividad<\/strong><\/pre>\n\n\n\n<ul>\n<li>Profundizar los intercambios del ISFD con cinco instituciones de nivel secundario, fortaleciendo el trabajo colaborativo a trav\u00e9s de propuestas pedag\u00f3gicas situadas.<\/li>\n\n\n\n<li>Desarrollar una propuesta de ense\u00f1anza que vincular\u00e1 a cada escuela con el barrio en que est\u00e1 inserta, a trav\u00e9s de la indagaci\u00f3n de historias y realidades barriales.<\/li>\n\n\n\n<li>Favorecer el desarrollo de las habilidades de lectura y escritura para fortalecer la apropiaci\u00f3n de contenidos de Ciencias Sociales situados y cercanos en estudiantes del nivel secundario de Concordia.<\/li>\n\n\n\n<li>Construir dispositivos y propuestas did\u00e1cticas que permitan un trabajo mancomunado y articulado con docentes en actividad, referentes del IFD, estudiantes de nivel medio y noveles graduados.<\/li>\n<\/ul>\n\n\n\n<pre class=\"wp-block-verse has-medium-font-size\"><strong>Descripci\u00f3n de la propuesta<\/strong><\/pre>\n\n\n\n<p>En los \u00faltimos a\u00f1os, tanto en el ISFD como en las escuelas secundarias, se ha evidenciado como una problem\u00e1tica el escaso conocimiento de nuestra historia local y barrial. En este sentido, creemos pertinente recuperar historias de personajes, instituciones, edificios, que formen parte del paisaje y la historia que circunda a la escuela y su barrio. Para esto, tendremos en cuenta el desarrollo de la lectura y escritura, como apoyos fundamentales para las Ciencias Sociales.<\/p>\n\n\n\n<p>Queremos recuperar esa historia local\/cotidiana que se encuentra ligada a la Historia Regional y Nacional, que la constituye, pero que muchas veces es \u201colvidada\u201d en los grandes relatos. Esta actividad la realizar\u00e1n noveles docentes y referentes del IFD, junto con docentes y estudiantes de las escuelas secundarias participantes. Los noveles egresados de formaci\u00f3n docente tendr\u00e1n a su cargo el desarrollo de los contenidos para llevar adelante el proyecto; los referentes y un miembro del equipo directivo de cada escuela, as\u00ed como los docentes del IFD, acompa\u00f1ar\u00e1n la concreci\u00f3n de la propuesta.<\/p>\n\n\n\n<p>El trabajo de campo lo realizaron las\/os\/es estudiantes de los quintos a\u00f1os, pues fueron quienes reconstruyeron las historias del barrio donde est\u00e1 inserta cada escuela, a trav\u00e9s de la realizaci\u00f3n de entrevistas, reconocimiento del entorno y de referentes hist\u00f3ricos, para as\u00ed recrear y producir narrativas en diferentes formatos que dan cuenta de los cambios y permanencias en el espacio cotidiano.<\/p>\n\n\n\n<pre class=\"wp-block-preformatted has-medium-font-size\"><strong>Las actividades fueron<\/strong><\/pre>\n\n\n\n<p>Taller Historias en el barrio: construcci\u00f3n de narrativas sobre las transformaciones y permanencias, en el que los estudiantes participantes del proyecto rescataron, a trav\u00e9s de relatos orales y escritos de los actores, instituciones, momentos, que a su criterio marcaron las vivencias comunitarias. Estos relatos fueron interpretados desde el material bibliogr\u00e1fico aportado por los docentes, y acompa\u00f1ados por im\u00e1genes, narrativas, grabaciones de audio o audiovisuales. Esta actividad fue coordinada por los docentes del IFD.<\/p>\n\n\n\n<p>En septiembre, en el marco de las Jornadas de Ciencias Sociales, los estudiantes participaron de talleres sobre el uso de las TIC, fotograf\u00eda y mapeo, que fortalecieron las producciones que se ven\u00edan realizando. Los docentes del IFD estuvieron a cargo de la realizaci\u00f3n de los talleres.<\/p>\n\n\n\n<p>En noviembre, cada grupo de estudiantes present\u00f3 el trabajo final en una jornada de socializaci\u00f3n de las producciones, mediante la utilizaci\u00f3n de recursos tecnol\u00f3gicos (con un video, podcast, power point), Esta actividad estuvo coordinada por los docentes del IFD junto a los de las escuelas intervinientes.<\/p>\n\n\n\n<pre class=\"wp-block-verse has-medium-font-size\"><strong>Link a algunos trabajos realizado en el marco del proyecto<\/strong><\/pre>\n\n\n\n<p><a href=\"https:\/\/drive.google.com\/file\/d\/1MEfgIlpQbbIEbeT6knOnkkOQsRBKV0za\/view?usp=sharing\" data-type=\"URL\" data-id=\"https:\/\/drive.google.com\/file\/d\/1MEfgIlpQbbIEbeT6knOnkkOQsRBKV0za\/view?usp=sharing\" target=\"_blank\" rel=\"noreferrer noopener\">Revista Digital de la Escuela Dami\u00e1n P Garat<\/a><\/p>\n\n\n\n<p><a href=\"https:\/\/docs.google.com\/document\/d\/1FPlJhLI4h7hdleNDAejK8vv_VkEckXKP0qWVWS6lV_I\/edit?usp=sharing\" data-type=\"URL\" data-id=\"https:\/\/docs.google.com\/document\/d\/1FPlJhLI4h7hdleNDAejK8vv_VkEckXKP0qWVWS6lV_I\/edit?usp=sharing\" target=\"_blank\" rel=\"noreferrer noopener\">Link al trabajo de la Escuela Cabildo Abierto<\/a><\/p>\n\n\n\n<p><a href=\"https:\/\/docs.google.com\/document\/d\/1hF_fVtYHJ3d8X0RUmQfCCx0Nhj762XJS\/edit?usp=sharing&amp;ouid=114001846456682911214&amp;rtpof=true&amp;sd=true\" data-type=\"URL\" data-id=\"https:\/\/docs.google.com\/document\/d\/1hF_fVtYHJ3d8X0RUmQfCCx0Nhj762XJS\/edit?usp=sharing&amp;ouid=114001846456682911214&amp;rtpof=true&amp;sd=true\" target=\"_blank\" rel=\"noreferrer noopener\">Link al trabajo de la Escuela Instituto San Francisco<\/a><\/p>\n\n\n\n<p><a rel=\"noreferrer noopener\" href=\"https:\/\/photos.app.goo.gl\/oo3K772TcbaZoGnK8\" data-type=\"URL\" data-id=\"https:\/\/photos.app.goo.gl\/oo3K772TcbaZoGnK8\" target=\"_blank\">Fotos tomadas por l<\/a><a rel=\"noreferrer noopener\" href=\"https:\/\/photos.app.goo.gl\/oo3K772TcbaZoGnK8\" data-type=\"URL\" data-id=\"https:\/\/photos.app.goo.gl\/oo3K772TcbaZoGnK8\" target=\"_blank\">@<\/a><a rel=\"noreferrer noopener\" href=\"https:\/\/photos.app.goo.gl\/oo3K772TcbaZoGnK8\" data-type=\"URL\" data-id=\"https:\/\/photos.app.goo.gl\/oo3K772TcbaZoGnK8\" target=\"_blank\">s estudiantes de la Escuela Cabildo Abierto<\/a><\/p>\n\n\n\n<p><\/p>\n","protected":false},"excerpt":{"rendered":"<p>Apoyo pedag\u00f3gico a las Escuelas 2023 S\u00edntesis de la propuesta El proyecto se titula Historias en el barrio: construcci\u00f3n de narrativas sobre las transformaciones y permanencias en cinco barrios de Concordia, y busca intervenir desde propuestas de ense\u00f1anza que contribuyan a la renovaci\u00f3n de las pr\u00e1cticas que contemplen la heterogeneidad de las y los estudiantes &#8230; <a title=\"Ape\" class=\"read-more\" href=\"https:\/\/iscsconcordia-ers.infd.edu.ar\/sitio\/ape\/\" aria-label=\"More on Ape\">[+]<\/a><\/p>\n","protected":false},"author":51,"featured_media":0,"parent":0,"menu_order":0,"comment_status":"closed","ping_status":"closed","template":"","meta":[],"acf":[],"_links":{"self":[{"href":"https:\/\/iscsconcordia-ers.infd.edu.ar\/sitio\/wp-json\/wp\/v2\/pages\/3407"}],"collection":[{"href":"https:\/\/iscsconcordia-ers.infd.edu.ar\/sitio\/wp-json\/wp\/v2\/pages"}],"about":[{"href":"https:\/\/iscsconcordia-ers.infd.edu.ar\/sitio\/wp-json\/wp\/v2\/types\/page"}],"author":[{"embeddable":true,"href":"https:\/\/iscsconcordia-ers.infd.edu.ar\/sitio\/wp-json\/wp\/v2\/users\/51"}],"replies":[{"embeddable":true,"href":"https:\/\/iscsconcordia-ers.infd.edu.ar\/sitio\/wp-json\/wp\/v2\/comments?post=3407"}],"version-history":[{"count":3,"href":"https:\/\/iscsconcordia-ers.infd.edu.ar\/sitio\/wp-json\/wp\/v2\/pages\/3407\/revisions"}],"predecessor-version":[{"id":3411,"href":"https:\/\/iscsconcordia-ers.infd.edu.ar\/sitio\/wp-json\/wp\/v2\/pages\/3407\/revisions\/3411"}],"wp:attachment":[{"href":"https:\/\/iscsconcordia-ers.infd.edu.ar\/sitio\/wp-json\/wp\/v2\/media?parent=3407"}],"curies":[{"name":"wp","href":"https:\/\/api.w.org\/{rel}","templated":true}]}}